{"id":116,"date":"2026-01-12T19:45:18","date_gmt":"2026-01-12T18:45:18","guid":{"rendered":"https:\/\/www.solidarite-ecologie.org\/ensemble\/?page_id=116"},"modified":"2026-03-16T13:56:13","modified_gmt":"2026-03-16T12:56:13","slug":"ensemble-pour-yverdon","status":"publish","type":"page","link":"https:\/\/www.solidarite-ecologie.org\/ensemble\/","title":{"rendered":"Ensemble pour Yverdon"},"content":{"rendered":"\t\t<div data-elementor-type=\"wp-page\" data-elementor-id=\"116\" class=\"elementor elementor-116\">\n\t\t\t\t<div class=\"elementor-element elementor-element-1724936 e-con-full ensemble_section e-flex e-con e-parent\" data-id=\"1724936\" data-element_type=\"container\" data-e-type=\"container\" id=\"sectionAnnonce\" data-settings=\"{&quot;background_background&quot;:&quot;classic&quot;,&quot;jet_parallax_layout_list&quot;:[]}\">\n\t\t<div class=\"elementor-element elementor-element-054b138 e-con-full e-flex e-con e-child\" data-id=\"054b138\" data-element_type=\"container\" data-e-type=\"container\" data-settings=\"{&quot;jet_parallax_layout_list&quot;:[]}\">\n\t\t\t\t<div class=\"elementor-element elementor-element-397a082 ensemble_titre_bas elementor-widget elementor-widget-heading\" data-id=\"397a082\" data-element_type=\"widget\" data-e-type=\"widget\" data-widget_type=\"heading.default\">\n\t\t\t\t\t<div class=\"elementor-heading-title elementor-size-default\">Annonce<\/div>\t\t\t\t<\/div>\n\t\t\t\t<\/div>\n\t\t<div class=\"elementor-element elementor-element-1320631 e-con-full ensemble_section_max_height ensemble_section_rouge e-flex e-con e-child\" data-id=\"1320631\" data-element_type=\"container\" data-e-type=\"container\" data-settings=\"{&quot;background_background&quot;:&quot;classic&quot;,&quot;jet_parallax_layout_list&quot;:[]}\">\n\t\t<div class=\"elementor-element elementor-element-d9590dc e-con-full e-flex e-con e-child\" data-id=\"d9590dc\" data-element_type=\"container\" data-e-type=\"container\" data-settings=\"{&quot;jet_parallax_layout_list&quot;:[]}\">\n\t\t<div class=\"elementor-element elementor-element-48a35ed e-con-full e-flex e-con e-child\" data-id=\"48a35ed\" data-element_type=\"container\" data-e-type=\"container\" data-settings=\"{&quot;jet_parallax_layout_list&quot;:[]}\">\n\t\t\t\t<div class=\"elementor-element elementor-element-42b5745 elementor-widget elementor-widget-heading\" data-id=\"42b5745\" data-element_type=\"widget\" data-e-type=\"widget\" data-widget_type=\"heading.default\">\n\t\t\t\t\t<div class=\"elementor-heading-title elementor-size-default\">16 02 2026<\/div>\t\t\t\t<\/div>\n\t\t\t\t<div class=\"elementor-element elementor-element-b401895 elementor-widget elementor-widget-heading\" data-id=\"b401895\" data-element_type=\"widget\" data-e-type=\"widget\" data-widget_type=\"heading.default\">\n\t\t\t\t\t<div class=\"elementor-heading-title elementor-size-default\">Notre programme en avant premi\u00e8re<\/div>\t\t\t\t<\/div>\n\t\t\t\t<div class=\"elementor-element elementor-element-aab7e18 elementor-widget__width-initial elementor-widget elementor-widget-image\" data-id=\"aab7e18\" data-element_type=\"widget\" data-e-type=\"widget\" data-widget_type=\"image.default\">\n\t\t\t\t\t\t\t\t\t\t\t\t\t\t\t<img fetchpriority=\"high\" decoding=\"async\" width=\"684\" height=\"1024\" src=\"https:\/\/www.solidarite-ecologie.org\/ensemble\/wp-content\/uploads\/sites\/3\/2026\/02\/se-cover-programme-tout-menage-01-2026-684x1024.png\" class=\"attachment-large size-large wp-image-274\" alt=\"\" srcset=\"https:\/\/www.solidarite-ecologie.org\/ensemble\/wp-content\/uploads\/sites\/3\/2026\/02\/se-cover-programme-tout-menage-01-2026-684x1024.png 684w, https:\/\/www.solidarite-ecologie.org\/ensemble\/wp-content\/uploads\/sites\/3\/2026\/02\/se-cover-programme-tout-menage-01-2026-200x300.png 200w, https:\/\/www.solidarite-ecologie.org\/ensemble\/wp-content\/uploads\/sites\/3\/2026\/02\/se-cover-programme-tout-menage-01-2026-768x1151.png 768w, https:\/\/www.solidarite-ecologie.org\/ensemble\/wp-content\/uploads\/sites\/3\/2026\/02\/se-cover-programme-tout-menage-01-2026-16x24.png 16w, https:\/\/www.solidarite-ecologie.org\/ensemble\/wp-content\/uploads\/sites\/3\/2026\/02\/se-cover-programme-tout-menage-01-2026-24x36.png 24w, https:\/\/www.solidarite-ecologie.org\/ensemble\/wp-content\/uploads\/sites\/3\/2026\/02\/se-cover-programme-tout-menage-01-2026-32x48.png 32w, https:\/\/www.solidarite-ecologie.org\/ensemble\/wp-content\/uploads\/sites\/3\/2026\/02\/se-cover-programme-tout-menage-01-2026.png 801w\" sizes=\"(max-width: 684px) 100vw, 684px\" \/>\t\t\t\t\t\t\t\t\t\t\t\t\t\t\t<\/div>\n\t\t\t\t<div class=\"elementor-element elementor-element-9689e55 elementor-align-left elementor-mobile-align-justify elementor-widget elementor-widget-jet-download-button\" data-id=\"9689e55\" data-element_type=\"widget\" data-e-type=\"widget\" data-widget_type=\"jet-download-button.default\">\n\t\t\t\t<div class=\"elementor-widget-container\">\n\t\t\t\t\t<div class=\"elementor-jet-download-button jet-elements\"><a class=\"elementor-button elementor-size-md jet-download jet-download-icon-position-left\" data-e-disable-page-transition=\"true\" href=\"https:\/\/www.solidarite-ecologie.org\/ensemble\/?jet_download=6b3d54a06c5748e942e9261bf5d33431e5d45cc1\"  rel=\"nofollow\"><span class=\"jet-download__icon jet-download-icon-left jet-elements-icon\"><svg aria-hidden=\"true\" class=\"e-font-icon-svg e-fas-file-download\" viewBox=\"0 0 384 512\" xmlns=\"http:\/\/www.w3.org\/2000\/svg\"><path d=\"M224 136V0H24C10.7 0 0 10.7 0 24v464c0 13.3 10.7 24 24 24h336c13.3 0 24-10.7 24-24V160H248c-13.2 0-24-10.8-24-24zm76.45 211.36l-96.42 95.7c-6.65 6.61-17.39 6.61-24.04 0l-96.42-95.7C73.42 337.29 80.54 320 94.82 320H160v-80c0-8.84 7.16-16 16-16h32c8.84 0 16 7.16 16 16v80h65.18c14.28 0 21.4 17.29 11.27 27.36zM377 105L279.1 7c-4.5-4.5-10.6-7-17-7H256v128h128v-6.1c0-6.3-2.5-12.4-7-16.9z\"><\/path><\/svg><\/span><span class=\"jet-download__text\"><span class=\"jet-download__label\">t\u00e9l\u00e9charger le programme<\/span><span class=\"jet-download__file-name\"><\/span><small class=\"jet-download__sub-label\">1 Mo<\/small><\/span><\/a>\n<\/div>\t\t\t\t<\/div>\n\t\t\t\t<\/div>\n\t\t\t\t<\/div>\n\t\t<div class=\"elementor-element elementor-element-5e458ec e-con-full e-flex e-con e-child\" data-id=\"5e458ec\" data-element_type=\"container\" data-e-type=\"container\" data-settings=\"{&quot;jet_parallax_layout_list&quot;:[]}\">\n\t\t\t\t<div class=\"elementor-element elementor-element-dad3378 elementor-widget elementor-widget-heading\" data-id=\"dad3378\" data-element_type=\"widget\" data-e-type=\"widget\" data-widget_type=\"heading.default\">\n\t\t\t\t\t<div class=\"elementor-heading-title elementor-size-default\">12 01 2026<\/div>\t\t\t\t<\/div>\n\t\t\t\t<div class=\"elementor-element elementor-element-e43328e elementor-widget elementor-widget-heading\" data-id=\"e43328e\" data-element_type=\"widget\" data-e-type=\"widget\" data-widget_type=\"heading.default\">\n\t\t\t\t\t<div class=\"elementor-heading-title elementor-size-default\">nos listes pour les \u00e9lections!<\/div>\t\t\t\t<\/div>\n\t\t\t\t<div class=\"elementor-element elementor-element-c7c34f5 elementor-widget elementor-widget-heading\" data-id=\"c7c34f5\" data-element_type=\"widget\" data-e-type=\"widget\" data-widget_type=\"heading.default\">\n\t\t\t\t\t<div class=\"elementor-heading-title elementor-size-default\">municipalit\u00e9<\/div>\t\t\t\t<\/div>\n\t\t\t\t<div class=\"elementor-element elementor-element-61d99da elementor-widget elementor-widget-heading\" data-id=\"61d99da\" data-element_type=\"widget\" data-e-type=\"widget\" data-widget_type=\"heading.default\">\n\t\t\t\t\t<div class=\"elementor-heading-title elementor-size-default\">liste 5<\/div>\t\t\t\t<\/div>\n\t\t\t\t<div class=\"elementor-element elementor-element-2ce85c6 elementor-widget elementor-widget-heading\" data-id=\"2ce85c6\" data-element_type=\"widget\" data-e-type=\"widget\" data-widget_type=\"heading.default\">\n\t\t\t\t\t<div class=\"elementor-heading-title elementor-size-default\">Conseil communal<\/div>\t\t\t\t<\/div>\n\t\t\t\t<div class=\"elementor-element elementor-element-9fab817 elementor-widget elementor-widget-heading\" data-id=\"9fab817\" data-element_type=\"widget\" data-e-type=\"widget\" data-widget_type=\"heading.default\">\n\t\t\t\t\t<div class=\"elementor-heading-title elementor-size-default\">liste 3<\/div>\t\t\t\t<\/div>\n\t\t\t\t<div class=\"elementor-element elementor-element-fd1241b elementor-widget__width-initial elementor-widget elementor-widget-image\" data-id=\"fd1241b\" data-element_type=\"widget\" data-e-type=\"widget\" data-widget_type=\"image.default\">\n\t\t\t\t\t\t\t\t\t\t\t\t\t\t\t<img decoding=\"async\" width=\"768\" height=\"1024\" src=\"https:\/\/www.solidarite-ecologie.org\/ensemble\/wp-content\/uploads\/sites\/3\/2026\/01\/se-campagne-2026-annonce-14-01-2026-768x1024.jpg\" class=\"attachment-large size-large wp-image-149\" alt=\"\" srcset=\"https:\/\/www.solidarite-ecologie.org\/ensemble\/wp-content\/uploads\/sites\/3\/2026\/01\/se-campagne-2026-annonce-14-01-2026-768x1024.jpg 768w, https:\/\/www.solidarite-ecologie.org\/ensemble\/wp-content\/uploads\/sites\/3\/2026\/01\/se-campagne-2026-annonce-14-01-2026-225x300.jpg 225w, https:\/\/www.solidarite-ecologie.org\/ensemble\/wp-content\/uploads\/sites\/3\/2026\/01\/se-campagne-2026-annonce-14-01-2026-18x24.jpg 18w, https:\/\/www.solidarite-ecologie.org\/ensemble\/wp-content\/uploads\/sites\/3\/2026\/01\/se-campagne-2026-annonce-14-01-2026-27x36.jpg 27w, https:\/\/www.solidarite-ecologie.org\/ensemble\/wp-content\/uploads\/sites\/3\/2026\/01\/se-campagne-2026-annonce-14-01-2026-36x48.jpg 36w, https:\/\/www.solidarite-ecologie.org\/ensemble\/wp-content\/uploads\/sites\/3\/2026\/01\/se-campagne-2026-annonce-14-01-2026.jpg 975w\" sizes=\"(max-width: 768px) 100vw, 768px\" \/>\t\t\t\t\t\t\t\t\t\t\t\t\t\t\t<\/div>\n\t\t\t\t<\/div>\n\t\t\t\t<\/div>\n\t\t\t\t<\/div>\n\t\t\t\t<\/div>\n\t\t<div class=\"elementor-element elementor-element-0127212 e-con-full ensemble_section e-flex e-con e-parent\" data-id=\"0127212\" data-element_type=\"container\" data-e-type=\"container\" id=\"sectionCandidat\" data-settings=\"{&quot;background_background&quot;:&quot;classic&quot;,&quot;jet_parallax_layout_list&quot;:[]}\">\n\t\t<div class=\"elementor-element elementor-element-33ba493 e-con-full e-flex e-con e-child\" data-id=\"33ba493\" data-element_type=\"container\" data-e-type=\"container\" data-settings=\"{&quot;jet_parallax_layout_list&quot;:[]}\">\n\t\t\t\t<div class=\"elementor-element elementor-element-dc0ea27 ensemble_titre_bas elementor-widget elementor-widget-heading\" data-id=\"dc0ea27\" data-element_type=\"widget\" data-e-type=\"widget\" data-widget_type=\"heading.default\">\n\t\t\t\t\t<div class=\"elementor-heading-title elementor-size-default\">Nos candidat-e-s<\/div>\t\t\t\t<\/div>\n\t\t\t\t<\/div>\n\t\t\t\t<div class=\"elementor-element elementor-element-db8b85d elementor-widget elementor-widget-heading\" data-id=\"db8b85d\" data-element_type=\"widget\" data-e-type=\"widget\" data-widget_type=\"heading.default\">\n\t\t\t\t\t<h2 class=\"elementor-heading-title elementor-size-default\">pour le conseil communal<\/h2>\t\t\t\t<\/div>\n\t\t<div class=\"elementor-element elementor-element-a1f33ed e-con-full ensemble_section_max_height ensemble_section_max_height_candidates ensemble_section_blanche e-flex e-con e-child\" data-id=\"a1f33ed\" data-element_type=\"container\" data-e-type=\"container\" data-settings=\"{&quot;background_background&quot;:&quot;classic&quot;,&quot;jet_parallax_layout_list&quot;:[]}\">\n\t\t\t\t<div class=\"elementor-element elementor-element-0624b25 elementor-widget elementor-widget-jet-listing-grid\" data-id=\"0624b25\" data-element_type=\"widget\" data-e-type=\"widget\" data-settings=\"{&quot;columns&quot;:&quot;4&quot;,&quot;columns_tablet&quot;:&quot;2&quot;,&quot;columns_mobile&quot;:&quot;1&quot;}\" data-widget_type=\"jet-listing-grid.default\">\n\t\t\t\t\t<div class=\"jet-listing-grid jet-listing-grid--lazy-load jet-listing jet-listing-grid-loading\" data-lazy-load=\"{&quot;offset&quot;:&quot;0px&quot;,&quot;post_id&quot;:116,&quot;queried_id&quot;:&quot;116|WP_Post&quot;}\"><div class=\"jet-listing-grid__loader\"><div class=\"jet-listing-grid__loader-spinner\"><\/div><\/div><\/div>\t\t\t\t<\/div>\n\t\t\t\t<\/div>\n\t\t\t\t<\/div>\n\t\t<div class=\"elementor-element elementor-element-3c146b8 e-con-full ensemble_section e-flex e-con e-parent\" data-id=\"3c146b8\" data-element_type=\"container\" data-e-type=\"container\" id=\"sectionInfosPratiques\" data-settings=\"{&quot;background_background&quot;:&quot;classic&quot;,&quot;jet_parallax_layout_list&quot;:[]}\">\n\t\t<div class=\"elementor-element elementor-element-8bee727 e-con-full e-flex e-con e-child\" data-id=\"8bee727\" data-element_type=\"container\" data-e-type=\"container\" data-settings=\"{&quot;jet_parallax_layout_list&quot;:[]}\">\n\t\t\t\t<div class=\"elementor-element elementor-element-3c45a44 ensemble_titre_bas elementor-widget elementor-widget-heading\" data-id=\"3c45a44\" data-element_type=\"widget\" data-e-type=\"widget\" data-widget_type=\"heading.default\">\n\t\t\t\t\t<div class=\"elementor-heading-title elementor-size-default\">Infos pratiques<\/div>\t\t\t\t<\/div>\n\t\t\t\t<\/div>\n\t\t<div class=\"elementor-element elementor-element-de874a4 e-con-full ensemble_section_max_height ensemble_section_verte e-flex e-con e-child\" data-id=\"de874a4\" data-element_type=\"container\" data-e-type=\"container\" data-settings=\"{&quot;background_background&quot;:&quot;classic&quot;,&quot;jet_parallax_layout_list&quot;:[]}\">\n\t\t\t\t<div class=\"elementor-element elementor-element-ddff34c elementor-widget elementor-widget-heading\" data-id=\"ddff34c\" data-element_type=\"widget\" data-e-type=\"widget\" data-widget_type=\"heading.default\">\n\t\t\t\t\t<h2 class=\"elementor-heading-title elementor-size-default\">\u00c9lections communales du 8 mars 2026<\/h2>\t\t\t\t<\/div>\n\t\t\t\t<div class=\"elementor-element elementor-element-92b7d86 elementor-widget__width-initial ensemble_textBoxBottomed elementor-widget elementor-widget-text-editor\" data-id=\"92b7d86\" data-element_type=\"widget\" data-e-type=\"widget\" data-widget_type=\"text-editor.default\">\n\t\t\t\t\t\t\t\t\t<p><strong>nos stands \u00e0 la Place Pestalozzi<\/strong><\/p><p>les samedis 17.01, 24.01, 7.02, 14.02, 21.02, 28.02, 7.03 d\u00e8s 9h<\/p>\t\t\t\t\t\t\t\t<\/div>\n\t\t\t\t<div class=\"elementor-element elementor-element-4cb835f elementor-widget__width-initial ensemble_textBoxBottomed elementor-widget elementor-widget-text-editor\" data-id=\"4cb835f\" data-element_type=\"widget\" data-e-type=\"widget\" data-widget_type=\"text-editor.default\">\n\t\t\t\t\t\t\t\t\t<p><strong>Nos \u00e9v\u00e9nements de campagne<\/strong><\/p><p><strong>ma 20.01, 19h<\/strong>, Maison des Associations (Le Tempo)<br \/>Quelle politique sociale et \u00e9cologique du logement ?<\/p><div><strong>je 13.02<\/strong><br \/>Soir\u00e9e internationaliste \u00ab\u00a0Solidarit\u00e9 avec la Palestine\u00a0\u00bb et repas partag\u00e9<\/div><div>\u00a0<\/div><div><strong>me 25.02<\/strong><\/div><div>Conf\u00e9rence \u00ab\u00a0Pour un antifascisme du 21\u00e8 si\u00e8cle, apprendre d&rsquo;hier pour mieux lutter aujourd&rsquo;hui\u00a0\u00bb<br \/>Avec Stefanie Prezioso<\/div>\t\t\t\t\t\t\t\t<\/div>\n\t\t\t\t<div class=\"elementor-element elementor-element-321d445 elementor-widget__width-initial ensemble_textBoxBottomed elementor-widget elementor-widget-text-editor\" data-id=\"321d445\" data-element_type=\"widget\" data-e-type=\"widget\" data-widget_type=\"text-editor.default\">\n\t\t\t\t\t\t\t\t\t<p><strong>D\u00e9bats politiques<\/strong><\/p><p><strong>jeu 29.01, 19h<\/strong><br \/>La T\u00e9l\u00e9 Vaud<\/p>\t\t\t\t\t\t\t\t<\/div>\n\t\t\t\t<\/div>\n\t\t\t\t<\/div>\n\t\t<div class=\"elementor-element elementor-element-ff74bac e-con-full ensemble_section e-flex e-con e-parent\" data-id=\"ff74bac\" data-element_type=\"container\" data-e-type=\"container\" id=\"sectionCineclub\" data-settings=\"{&quot;background_background&quot;:&quot;classic&quot;,&quot;jet_parallax_layout_list&quot;:[]}\">\n\t\t<div class=\"elementor-element elementor-element-0568868 e-con-full e-flex e-con e-child\" data-id=\"0568868\" data-element_type=\"container\" data-e-type=\"container\" data-settings=\"{&quot;jet_parallax_layout_list&quot;:[]}\">\n\t\t\t\t<div class=\"elementor-element elementor-element-7e83f64 ensemble_titre_bas elementor-widget elementor-widget-heading\" data-id=\"7e83f64\" data-element_type=\"widget\" data-e-type=\"widget\" data-widget_type=\"heading.default\">\n\t\t\t\t\t<div class=\"elementor-heading-title elementor-size-default\">Cin\u00e9-club<\/div>\t\t\t\t<\/div>\n\t\t\t\t<\/div>\n\t\t<div class=\"elementor-element elementor-element-7185f50 e-con-full ensemble_section_max_height ensemble_section_noire e-flex e-con e-child\" data-id=\"7185f50\" data-element_type=\"container\" data-e-type=\"container\" data-settings=\"{&quot;background_background&quot;:&quot;classic&quot;,&quot;jet_parallax_layout_list&quot;:[]}\">\n\t\t\t\t<div class=\"elementor-element elementor-element-33b90ab ensemble_textBoxBottomed elementor-widget__width-initial elementor-widget elementor-widget-text-editor\" data-id=\"33b90ab\" data-element_type=\"widget\" data-e-type=\"widget\" data-widget_type=\"text-editor.default\">\n\t\t\t\t\t\t\t\t\t<p><strong>Bota Jon\u00eb<br \/><\/strong>de Lu\u00e0na Bajrami<br \/>2023, Kosovo<\/p><p>Maison des Associations<br \/>Quai de la Thi\u00e8le 3, Yverdon-les-Bains<\/p>\t\t\t\t\t\t\t\t<\/div>\n\t\t<div class=\"elementor-element elementor-element-e7b4110 e-con-full e-flex e-con e-child\" data-id=\"e7b4110\" data-element_type=\"container\" data-e-type=\"container\" data-settings=\"{&quot;jet_parallax_layout_list&quot;:[]}\">\n\t\t\t\t<div class=\"elementor-element elementor-element-eac6b8b elementor-widget__width-initial elementor-widget elementor-widget-image\" data-id=\"eac6b8b\" data-element_type=\"widget\" data-e-type=\"widget\" data-widget_type=\"image.default\">\n\t\t\t\t\t\t\t\t\t\t\t\t\t\t\t\t<a href=\"https:\/\/www.solidarite-ecologie.org\/ensemble\/wp-content\/uploads\/sites\/3\/2026\/01\/se-cine-club-2026-bota-jone.png\" data-elementor-open-lightbox=\"yes\" data-elementor-lightbox-title=\"se-cine-club-2026-bota-jone\" data-e-action-hash=\"#elementor-action%3Aaction%3Dlightbox%26settings%3DeyJpZCI6MTM0LCJ1cmwiOiJodHRwczpcL1wvd3d3LnNvbGlkYXJpdGUtZWNvbG9naWUub3JnXC9lbnNlbWJsZVwvd3AtY29udGVudFwvdXBsb2Fkc1wvc2l0ZXNcLzNcLzIwMjZcLzAxXC9zZS1jaW5lLWNsdWItMjAyNi1ib3RhLWpvbmUucG5nIn0%3D\">\n\t\t\t\t\t\t\t<img decoding=\"async\" width=\"724\" height=\"1024\" src=\"https:\/\/www.solidarite-ecologie.org\/ensemble\/wp-content\/uploads\/sites\/3\/2026\/01\/se-cine-club-2026-bota-jone-724x1024.png\" class=\"attachment-large size-large wp-image-134\" alt=\"\" srcset=\"https:\/\/www.solidarite-ecologie.org\/ensemble\/wp-content\/uploads\/sites\/3\/2026\/01\/se-cine-club-2026-bota-jone-724x1024.png 724w, https:\/\/www.solidarite-ecologie.org\/ensemble\/wp-content\/uploads\/sites\/3\/2026\/01\/se-cine-club-2026-bota-jone-212x300.png 212w, https:\/\/www.solidarite-ecologie.org\/ensemble\/wp-content\/uploads\/sites\/3\/2026\/01\/se-cine-club-2026-bota-jone-768x1086.png 768w, https:\/\/www.solidarite-ecologie.org\/ensemble\/wp-content\/uploads\/sites\/3\/2026\/01\/se-cine-club-2026-bota-jone-1086x1536.png 1086w, https:\/\/www.solidarite-ecologie.org\/ensemble\/wp-content\/uploads\/sites\/3\/2026\/01\/se-cine-club-2026-bota-jone-1448x2048.png 1448w, https:\/\/www.solidarite-ecologie.org\/ensemble\/wp-content\/uploads\/sites\/3\/2026\/01\/se-cine-club-2026-bota-jone-17x24.png 17w, https:\/\/www.solidarite-ecologie.org\/ensemble\/wp-content\/uploads\/sites\/3\/2026\/01\/se-cine-club-2026-bota-jone-25x36.png 25w, https:\/\/www.solidarite-ecologie.org\/ensemble\/wp-content\/uploads\/sites\/3\/2026\/01\/se-cine-club-2026-bota-jone-34x48.png 34w, https:\/\/www.solidarite-ecologie.org\/ensemble\/wp-content\/uploads\/sites\/3\/2026\/01\/se-cine-club-2026-bota-jone.png 1754w\" sizes=\"(max-width: 724px) 100vw, 724px\" \/>\t\t\t\t\t\t\t\t<\/a>\n\t\t\t\t\t\t\t\t\t\t\t\t\t\t\t<\/div>\n\t\t<div class=\"elementor-element elementor-element-6e50d90 e-con-full e-flex e-con e-child\" data-id=\"6e50d90\" data-element_type=\"container\" data-e-type=\"container\" data-settings=\"{&quot;jet_parallax_layout_list&quot;:[]}\">\n\t\t\t\t<div class=\"elementor-element elementor-element-ff48cf3 elementor-widget__width-initial elementor-widget elementor-widget-image\" data-id=\"ff48cf3\" data-element_type=\"widget\" data-e-type=\"widget\" data-widget_type=\"image.default\">\n\t\t\t\t\t\t\t\t\t\t\t\t\t\t\t<img loading=\"lazy\" decoding=\"async\" width=\"724\" height=\"1024\" src=\"https:\/\/www.solidarite-ecologie.org\/ensemble\/wp-content\/uploads\/sites\/3\/2026\/01\/se-cine-club-2026-goodbye-julia-724x1024.png\" class=\"attachment-large size-large wp-image-135\" alt=\"\" srcset=\"https:\/\/www.solidarite-ecologie.org\/ensemble\/wp-content\/uploads\/sites\/3\/2026\/01\/se-cine-club-2026-goodbye-julia-724x1024.png 724w, https:\/\/www.solidarite-ecologie.org\/ensemble\/wp-content\/uploads\/sites\/3\/2026\/01\/se-cine-club-2026-goodbye-julia-212x300.png 212w, https:\/\/www.solidarite-ecologie.org\/ensemble\/wp-content\/uploads\/sites\/3\/2026\/01\/se-cine-club-2026-goodbye-julia-768x1086.png 768w, https:\/\/www.solidarite-ecologie.org\/ensemble\/wp-content\/uploads\/sites\/3\/2026\/01\/se-cine-club-2026-goodbye-julia-1086x1536.png 1086w, https:\/\/www.solidarite-ecologie.org\/ensemble\/wp-content\/uploads\/sites\/3\/2026\/01\/se-cine-club-2026-goodbye-julia-1448x2048.png 1448w, https:\/\/www.solidarite-ecologie.org\/ensemble\/wp-content\/uploads\/sites\/3\/2026\/01\/se-cine-club-2026-goodbye-julia-17x24.png 17w, https:\/\/www.solidarite-ecologie.org\/ensemble\/wp-content\/uploads\/sites\/3\/2026\/01\/se-cine-club-2026-goodbye-julia-25x36.png 25w, https:\/\/www.solidarite-ecologie.org\/ensemble\/wp-content\/uploads\/sites\/3\/2026\/01\/se-cine-club-2026-goodbye-julia-34x48.png 34w, https:\/\/www.solidarite-ecologie.org\/ensemble\/wp-content\/uploads\/sites\/3\/2026\/01\/se-cine-club-2026-goodbye-julia.png 1754w\" sizes=\"(max-width: 724px) 100vw, 724px\" \/>\t\t\t\t\t\t\t\t\t\t\t\t\t\t\t<\/div>\n\t\t<div class=\"elementor-element elementor-element-bd5ff30 e-con-full e-flex e-con e-child\" data-id=\"bd5ff30\" data-element_type=\"container\" data-e-type=\"container\" data-settings=\"{&quot;jet_parallax_layout_list&quot;:[]}\">\n\t\t\t\t<div class=\"elementor-element elementor-element-0787f14 elementor-widget elementor-widget-heading\" data-id=\"0787f14\" data-element_type=\"widget\" data-e-type=\"widget\" data-widget_type=\"heading.default\">\n\t\t\t\t\t<div class=\"elementor-heading-title elementor-size-default\">ensuite<\/div>\t\t\t\t<\/div>\n\t\t\t\t<div class=\"elementor-element elementor-element-7ccba3f ensemble_textBoxBottomed elementor-widget elementor-widget-text-editor\" data-id=\"7ccba3f\" data-element_type=\"widget\" data-e-type=\"widget\" data-widget_type=\"text-editor.default\">\n\t\t\t\t\t\t\t\t\t<p><strong>Goodbye Julia<\/strong><br \/>de Mohamed Kordofani<br \/>2023, Soudan<\/p>\t\t\t\t\t\t\t\t<\/div>\n\t\t\t\t<\/div>\n\t\t\t\t<\/div>\n\t\t\t\t<\/div>\n\t\t\t\t<\/div>\n\t\t\t\t<\/div>\n\t\t<div class=\"elementor-element elementor-element-b50e530 e-flex e-con-boxed e-con e-parent\" data-id=\"b50e530\" data-element_type=\"container\" data-e-type=\"container\" id=\"ensemble_pasTouche\" data-settings=\"{&quot;jet_parallax_layout_list&quot;:[]}\">\n\t\t\t\t\t<div class=\"e-con-inner\">\n\t\t\t\t<div class=\"elementor-element elementor-element-24ae737 elementor-widget elementor-widget-html\" data-id=\"24ae737\" data-element_type=\"widget\" data-e-type=\"widget\" id=\"ensemble_customStyles\" data-widget_type=\"html.default\">\n\t\t\t\t\t<style type=\"text\/css\">\n    #ensemble_customStyles {\n        display: none !important;    \n    }\n    #ensemble_texte_sur_image {\n        opacity: 0;\n        transition: opacity 0.3s ease;\n    }\n    #ensemble_image_droite:hover #ensemble_texte_sur_image {\n        opacity: 1;\n    }\n    .ensemble_section {\n        position: relative;\n        max-height: 100vh !important;\n        overflow: hidden;\n    }\n    \n    \n    .ensemble_section * {\n        letter-spacing: 0em ;\n    }\n    \n        \n    \n    .ensemble_section .ensemble_section_max_height {\n        flex-wrap: nowrap;\n        overflow-x: hidden;\n        overflow-y: auto;\n        padding-right: 12px;\n    }\n    \n    .ensemble_section .ensemble_section_max_height::-webkit-scrollbar {\n      width: 12px;\n    }\n    \n    .ensemble_section .ensemble_section_max_height::-webkit-scrollbar-track {\n      border-radius: 0px;\n    }\n    \n    .ensemble_section .ensemble_section_max_height.ensemble_section_rouge::-webkit-scrollbar-track {\n      background: #fc6d62;\n    }\n    \n    .ensemble_section .ensemble_section_max_height.ensemble_section_verte::-webkit-scrollbar-track {\n      background: #7ec293;\n    }\n    \n    .ensemble_section .ensemble_section_max_height.ensemble_section_noire::-webkit-scrollbar-track {\n      background: #4f4f4f;\n    }\n    \n    .ensemble_section .ensemble_section_max_height.ensemble_section_blanche::-webkit-scrollbar-track {\n      background: #bbbbbb !important;\n    }\n    \n    .ensemble_section .ensemble_section_max_height::-webkit-scrollbar-thumb {\n      background: #fbfbfb;\n      border-radius: 0px;\n    }\n    \n    .ensemble_section .ensemble_section_max_height.ensemble_section_blanche::-webkit-scrollbar-thumb {\n      background: #1f1f1f !important;\n    }\n    \n    .ensemble_section .ensemble_titre_bas .elementor-heading-title {\n        margin: 0 !important;\n    }\n    \n    .ensemble_textBoxBottomed p:last-child {\n        margin-bottom: 0!important;\n    }\n    \n    .jet-listing-grid__item {\n        width: fit-content !important;\n    }\n    \n    .jet-listing-grid__item > div {\n        width: fit-content !important;\n    }\n    \n    @media screen and (max-width: 768px) {\n        .ensemble_section .ensemble_section_max_height {\n        max-height: calc(100vh - 60px - 80px);\n        }\n        \n        .ensemble_section .ensemble_section_max_height_candidates {\n        max-height: 60vh !important;\n        }\n    }\n    \n    @media screen and (min-width: 769px) {\n        .ensemble_section .ensemble_section_max_height {\n        max-height: 80vh;\n        }\n        \n        .ensemble_section .ensemble_section_max_height_candidates {\n        max-height: 60vh !important;\n        }\n    }\n<\/style>\t\t\t\t<\/div>\n\t\t\t\t<div class=\"elementor-element elementor-element-a3e9c86 elementor-widget elementor-widget-jet-scroll-navigation\" data-id=\"a3e9c86\" data-element_type=\"widget\" data-e-type=\"widget\" data-widget_type=\"jet-scroll-navigation.default\">\n\t\t\t\t<div class=\"elementor-widget-container\">\n\t\t\t\t\t<div class=\"elementor-jet-scroll-navigation jet-elements\"><div class=\"jet-scroll-navigation jet-scroll-navigation--position-right jet-scroll-navigation--show-hint-on-hover\" data-settings='{&quot;position&quot;:&quot;right&quot;,&quot;offset&quot;:0,&quot;scroll_threshold&quot;:5,&quot;sectionSwitch&quot;:true,&quot;sectionSwitchOnMobile&quot;:true,&quot;hintShowType&quot;:&quot;show-hint-on-hover&quot;,&quot;sectionIdVisibility&quot;:false}'><div class=\"jet-scroll-navigation__inner\">\n<div class=\"jet-scroll-navigation__item\" data-anchor=\"sectionAnnonce\" >\n\t<div class=\"jet-scroll-navigation__dot\"><span class=\"jet-elements-icon\"><svg aria-hidden=\"true\" class=\"e-font-icon-svg e-fas-chevron-down\" viewBox=\"0 0 448 512\" xmlns=\"http:\/\/www.w3.org\/2000\/svg\"><path d=\"M207.029 381.476L12.686 187.132c-9.373-9.373-9.373-24.569 0-33.941l22.667-22.667c9.357-9.357 24.522-9.375 33.901-.04L224 284.505l154.745-154.021c9.379-9.335 24.544-9.317 33.901.04l22.667 22.667c9.373 9.373 9.373 24.569 0 33.941L240.971 381.476c-9.373 9.372-24.569 9.372-33.942 0z\"><\/path><\/svg><\/span>\t<\/div>\n\t<div class=\"jet-scroll-navigation__item-hint elementor-hidden-phone\"><span class=\"jet-scroll-navigation__label\">Annonce<\/span>\t<\/div>\n<\/div>\n\n<div class=\"jet-scroll-navigation__item\" data-anchor=\"sectionCandidat\" data-invert=\"no\">\n\t<div class=\"jet-scroll-navigation__dot\">\t<\/div>\n\t<div class=\"jet-scroll-navigation__item-hint elementor-hidden-phone\"><span class=\"jet-scroll-navigation__label\">Nos candidat-e-s<\/span>\t<\/div>\n<\/div>\n\n<div class=\"jet-scroll-navigation__item\" data-anchor=\"sectionInfosPratiques\" data-invert=\"no\">\n\t<div class=\"jet-scroll-navigation__dot\">\t<\/div>\n\t<div class=\"jet-scroll-navigation__item-hint elementor-hidden-phone\"><span class=\"jet-scroll-navigation__label\">Infos pratiques<\/span>\t<\/div>\n<\/div>\n\n<div class=\"jet-scroll-navigation__item\" data-anchor=\"sectionCineclub\" data-invert=\"yes\">\n\t<div class=\"jet-scroll-navigation__dot\">\t<\/div>\n\t<div class=\"jet-scroll-navigation__item-hint elementor-hidden-phone\"><span class=\"jet-scroll-navigation__label\">Cin\u00e9 Club<\/span>\t<\/div>\n<\/div>\n\n<\/div>\n<\/div>\n<\/div>\t\t\t\t<\/div>\n\t\t\t\t<\/div>\n\t\t\t\t\t<\/div>\n\t\t\t\t<\/div>\n\t\t\t\t<\/div>\n\t\t","protected":false},"excerpt":{"rendered":"<p>Annonce 16 02 2026 Notre programme en avant premi\u00e8re t\u00e9l\u00e9charger le programme1 Mo 12 01 2026 nos listes pour les \u00e9lections! municipalit\u00e9 liste 5 Conseil communal liste 3 Nos candidat-e-s pour le conseil communal Infos pratiques \u00c9lections communales du 8 mars 2026 nos stands \u00e0 la Place Pestalozzi les samedis 17.01, 24.01, 7.02, 14.02, 21.02, [&hellip;]<\/p>\n","protected":false},"author":2,"featured_media":0,"parent":0,"menu_order":0,"comment_status":"closed","ping_status":"closed","template":"elementor_canvas","meta":{"_coblocks_attr":"","_coblocks_dimensions":"","_coblocks_responsive_height":"","_coblocks_accordion_ie_support":"","footnotes":""},"class_list":["post-116","page","type-page","status-publish","hentry"],"yoast_head":"<!-- This site is optimized with the Yoast SEO plugin v27.5 - https:\/\/yoast.com\/product\/yoast-seo-wordpress\/ -->\n<title>Ensemble pour Yverdon - Solidarit\u00e9 &amp; \u00c9cologie - Ensemble pour Yverdon en 2026<\/title>\n<meta name=\"robots\" content=\"index, follow, max-snippet:-1, max-image-preview:large, max-video-preview:-1\" \/>\n<link rel=\"canonical\" href=\"https:\/\/www.solidarite-ecologie.org\/ensemble\/\" \/>\n<meta property=\"og:locale\" content=\"fr_FR\" \/>\n<meta property=\"og:type\" content=\"article\" \/>\n<meta property=\"og:title\" content=\"Ensemble pour Yverdon - Solidarit\u00e9 &amp; \u00c9cologie - Ensemble pour Yverdon en 2026\" \/>\n<meta property=\"og:description\" content=\"Annonce 16 02 2026 Notre programme en avant premi\u00e8re t\u00e9l\u00e9charger le programme1 Mo 12 01 2026 nos listes pour les \u00e9lections! municipalit\u00e9 liste 5 Conseil communal liste 3 Nos candidat-e-s pour le conseil communal Infos pratiques \u00c9lections communales du 8 mars 2026 nos stands \u00e0 la Place Pestalozzi les samedis 17.01, 24.01, 7.02, 14.02, 21.02, [&hellip;]\" \/>\n<meta property=\"og:url\" content=\"https:\/\/www.solidarite-ecologie.org\/ensemble\/\" \/>\n<meta property=\"og:site_name\" content=\"Solidarit\u00e9 &amp; \u00c9cologie - Ensemble pour Yverdon en 2026\" \/>\n<meta property=\"article:modified_time\" content=\"2026-03-16T12:56:13+00:00\" \/>\n<meta property=\"og:image\" content=\"https:\/\/www.solidarite-ecologie.org\/ensemble\/wp-content\/uploads\/sites\/3\/2026\/02\/se-cover-programme-tout-menage-01-2026.png\" \/>\n\t<meta property=\"og:image:width\" content=\"801\" \/>\n\t<meta property=\"og:image:height\" content=\"1200\" \/>\n\t<meta property=\"og:image:type\" content=\"image\/png\" \/>\n<meta name=\"twitter:card\" content=\"summary_large_image\" \/>\n<meta name=\"twitter:label1\" content=\"Dur\u00e9e de lecture estim\u00e9e\" \/>\n\t<meta name=\"twitter:data1\" content=\"1 minute\" \/>\n<script type=\"application\/ld+json\" class=\"yoast-schema-graph\">{\"@context\":\"https:\\\/\\\/schema.org\",\"@graph\":[{\"@type\":\"WebPage\",\"@id\":\"https:\\\/\\\/www.solidarite-ecologie.org\\\/ensemble\\\/\",\"url\":\"https:\\\/\\\/www.solidarite-ecologie.org\\\/ensemble\\\/\",\"name\":\"Ensemble pour Yverdon - Solidarit\u00e9 &amp; \u00c9cologie - Ensemble pour Yverdon en 2026\",\"isPartOf\":{\"@id\":\"https:\\\/\\\/www.solidarite-ecologie.org\\\/ensemble\\\/#website\"},\"primaryImageOfPage\":{\"@id\":\"https:\\\/\\\/www.solidarite-ecologie.org\\\/ensemble\\\/#primaryimage\"},\"image\":{\"@id\":\"https:\\\/\\\/www.solidarite-ecologie.org\\\/ensemble\\\/#primaryimage\"},\"thumbnailUrl\":\"https:\\\/\\\/www.solidarite-ecologie.org\\\/ensemble\\\/wp-content\\\/uploads\\\/sites\\\/3\\\/2026\\\/02\\\/se-cover-programme-tout-menage-01-2026-684x1024.png\",\"datePublished\":\"2026-01-12T18:45:18+00:00\",\"dateModified\":\"2026-03-16T12:56:13+00:00\",\"breadcrumb\":{\"@id\":\"https:\\\/\\\/www.solidarite-ecologie.org\\\/ensemble\\\/#breadcrumb\"},\"inLanguage\":\"fr-FR\",\"potentialAction\":[{\"@type\":\"ReadAction\",\"target\":[\"https:\\\/\\\/www.solidarite-ecologie.org\\\/ensemble\\\/\"]}]},{\"@type\":\"ImageObject\",\"inLanguage\":\"fr-FR\",\"@id\":\"https:\\\/\\\/www.solidarite-ecologie.org\\\/ensemble\\\/#primaryimage\",\"url\":\"https:\\\/\\\/www.solidarite-ecologie.org\\\/ensemble\\\/wp-content\\\/uploads\\\/sites\\\/3\\\/2026\\\/02\\\/se-cover-programme-tout-menage-01-2026.png\",\"contentUrl\":\"https:\\\/\\\/www.solidarite-ecologie.org\\\/ensemble\\\/wp-content\\\/uploads\\\/sites\\\/3\\\/2026\\\/02\\\/se-cover-programme-tout-menage-01-2026.png\",\"width\":801,\"height\":1200},{\"@type\":\"BreadcrumbList\",\"@id\":\"https:\\\/\\\/www.solidarite-ecologie.org\\\/ensemble\\\/#breadcrumb\",\"itemListElement\":[{\"@type\":\"ListItem\",\"position\":1,\"name\":\"Accueil\",\"item\":\"https:\\\/\\\/www.solidarite-ecologie.org\\\/ensemble\\\/\"},{\"@type\":\"ListItem\",\"position\":2,\"name\":\"Ensemble pour Yverdon\"}]},{\"@type\":\"WebSite\",\"@id\":\"https:\\\/\\\/www.solidarite-ecologie.org\\\/ensemble\\\/#website\",\"url\":\"https:\\\/\\\/www.solidarite-ecologie.org\\\/ensemble\\\/\",\"name\":\"Solidarit\u00e9 &amp; \u00c9cologie - Ensemble pour Yverdon en 2026\",\"description\":\"\",\"publisher\":{\"@id\":\"https:\\\/\\\/www.solidarite-ecologie.org\\\/ensemble\\\/#organization\"},\"potentialAction\":[{\"@type\":\"SearchAction\",\"target\":{\"@type\":\"EntryPoint\",\"urlTemplate\":\"https:\\\/\\\/www.solidarite-ecologie.org\\\/ensemble\\\/?s={search_term_string}\"},\"query-input\":{\"@type\":\"PropertyValueSpecification\",\"valueRequired\":true,\"valueName\":\"search_term_string\"}}],\"inLanguage\":\"fr-FR\"},{\"@type\":\"Organization\",\"@id\":\"https:\\\/\\\/www.solidarite-ecologie.org\\\/ensemble\\\/#organization\",\"name\":\"Solidarit\u00e9 &amp; \u00c9cologie - Ensemble pour Yverdon en 2026\",\"url\":\"https:\\\/\\\/www.solidarite-ecologie.org\\\/ensemble\\\/\",\"logo\":{\"@type\":\"ImageObject\",\"inLanguage\":\"fr-FR\",\"@id\":\"https:\\\/\\\/www.solidarite-ecologie.org\\\/ensemble\\\/#\\\/schema\\\/logo\\\/image\\\/\",\"url\":\"https:\\\/\\\/www.solidarite-ecologie.org\\\/ensemble\\\/wp-content\\\/uploads\\\/sites\\\/3\\\/2026\\\/01\\\/cropped-se-ensemble-logo-blanc.png\",\"contentUrl\":\"https:\\\/\\\/www.solidarite-ecologie.org\\\/ensemble\\\/wp-content\\\/uploads\\\/sites\\\/3\\\/2026\\\/01\\\/cropped-se-ensemble-logo-blanc.png\",\"width\":460,\"height\":500,\"caption\":\"Solidarit\u00e9 &amp; \u00c9cologie - Ensemble pour Yverdon en 2026\"},\"image\":{\"@id\":\"https:\\\/\\\/www.solidarite-ecologie.org\\\/ensemble\\\/#\\\/schema\\\/logo\\\/image\\\/\"}}]}<\/script>\n<!-- \/ Yoast SEO plugin. -->","yoast_head_json":{"title":"Ensemble pour Yverdon - Solidarit\u00e9 &amp; \u00c9cologie - Ensemble pour Yverdon en 2026","robots":{"index":"index","follow":"follow","max-snippet":"max-snippet:-1","max-image-preview":"max-image-preview:large","max-video-preview":"max-video-preview:-1"},"canonical":"https:\/\/www.solidarite-ecologie.org\/ensemble\/","og_locale":"fr_FR","og_type":"article","og_title":"Ensemble pour Yverdon - Solidarit\u00e9 &amp; \u00c9cologie - Ensemble pour Yverdon en 2026","og_description":"Annonce 16 02 2026 Notre programme en avant premi\u00e8re t\u00e9l\u00e9charger le programme1 Mo 12 01 2026 nos listes pour les \u00e9lections! municipalit\u00e9 liste 5 Conseil communal liste 3 Nos candidat-e-s pour le conseil communal Infos pratiques \u00c9lections communales du 8 mars 2026 nos stands \u00e0 la Place Pestalozzi les samedis 17.01, 24.01, 7.02, 14.02, 21.02, [&hellip;]","og_url":"https:\/\/www.solidarite-ecologie.org\/ensemble\/","og_site_name":"Solidarit\u00e9 &amp; \u00c9cologie - Ensemble pour Yverdon en 2026","article_modified_time":"2026-03-16T12:56:13+00:00","og_image":[{"width":801,"height":1200,"url":"https:\/\/www.solidarite-ecologie.org\/ensemble\/wp-content\/uploads\/sites\/3\/2026\/02\/se-cover-programme-tout-menage-01-2026.png","type":"image\/png"}],"twitter_card":"summary_large_image","twitter_misc":{"Dur\u00e9e de lecture estim\u00e9e":"1 minute"},"schema":{"@context":"https:\/\/schema.org","@graph":[{"@type":"WebPage","@id":"https:\/\/www.solidarite-ecologie.org\/ensemble\/","url":"https:\/\/www.solidarite-ecologie.org\/ensemble\/","name":"Ensemble pour Yverdon - Solidarit\u00e9 &amp; \u00c9cologie - Ensemble pour Yverdon en 2026","isPartOf":{"@id":"https:\/\/www.solidarite-ecologie.org\/ensemble\/#website"},"primaryImageOfPage":{"@id":"https:\/\/www.solidarite-ecologie.org\/ensemble\/#primaryimage"},"image":{"@id":"https:\/\/www.solidarite-ecologie.org\/ensemble\/#primaryimage"},"thumbnailUrl":"https:\/\/www.solidarite-ecologie.org\/ensemble\/wp-content\/uploads\/sites\/3\/2026\/02\/se-cover-programme-tout-menage-01-2026-684x1024.png","datePublished":"2026-01-12T18:45:18+00:00","dateModified":"2026-03-16T12:56:13+00:00","breadcrumb":{"@id":"https:\/\/www.solidarite-ecologie.org\/ensemble\/#breadcrumb"},"inLanguage":"fr-FR","potentialAction":[{"@type":"ReadAction","target":["https:\/\/www.solidarite-ecologie.org\/ensemble\/"]}]},{"@type":"ImageObject","inLanguage":"fr-FR","@id":"https:\/\/www.solidarite-ecologie.org\/ensemble\/#primaryimage","url":"https:\/\/www.solidarite-ecologie.org\/ensemble\/wp-content\/uploads\/sites\/3\/2026\/02\/se-cover-programme-tout-menage-01-2026.png","contentUrl":"https:\/\/www.solidarite-ecologie.org\/ensemble\/wp-content\/uploads\/sites\/3\/2026\/02\/se-cover-programme-tout-menage-01-2026.png","width":801,"height":1200},{"@type":"BreadcrumbList","@id":"https:\/\/www.solidarite-ecologie.org\/ensemble\/#breadcrumb","itemListElement":[{"@type":"ListItem","position":1,"name":"Accueil","item":"https:\/\/www.solidarite-ecologie.org\/ensemble\/"},{"@type":"ListItem","position":2,"name":"Ensemble pour Yverdon"}]},{"@type":"WebSite","@id":"https:\/\/www.solidarite-ecologie.org\/ensemble\/#website","url":"https:\/\/www.solidarite-ecologie.org\/ensemble\/","name":"Solidarit\u00e9 &amp; \u00c9cologie - Ensemble pour Yverdon en 2026","description":"","publisher":{"@id":"https:\/\/www.solidarite-ecologie.org\/ensemble\/#organization"},"potentialAction":[{"@type":"SearchAction","target":{"@type":"EntryPoint","urlTemplate":"https:\/\/www.solidarite-ecologie.org\/ensemble\/?s={search_term_string}"},"query-input":{"@type":"PropertyValueSpecification","valueRequired":true,"valueName":"search_term_string"}}],"inLanguage":"fr-FR"},{"@type":"Organization","@id":"https:\/\/www.solidarite-ecologie.org\/ensemble\/#organization","name":"Solidarit\u00e9 &amp; \u00c9cologie - Ensemble pour Yverdon en 2026","url":"https:\/\/www.solidarite-ecologie.org\/ensemble\/","logo":{"@type":"ImageObject","inLanguage":"fr-FR","@id":"https:\/\/www.solidarite-ecologie.org\/ensemble\/#\/schema\/logo\/image\/","url":"https:\/\/www.solidarite-ecologie.org\/ensemble\/wp-content\/uploads\/sites\/3\/2026\/01\/cropped-se-ensemble-logo-blanc.png","contentUrl":"https:\/\/www.solidarite-ecologie.org\/ensemble\/wp-content\/uploads\/sites\/3\/2026\/01\/cropped-se-ensemble-logo-blanc.png","width":460,"height":500,"caption":"Solidarit\u00e9 &amp; \u00c9cologie - Ensemble pour Yverdon en 2026"},"image":{"@id":"https:\/\/www.solidarite-ecologie.org\/ensemble\/#\/schema\/logo\/image\/"}}]}},"_links":{"self":[{"href":"https:\/\/www.solidarite-ecologie.org\/ensemble\/wp-json\/wp\/v2\/pages\/116","targetHints":{"allow":["GET"]}}],"collection":[{"href":"https:\/\/www.solidarite-ecologie.org\/ensemble\/wp-json\/wp\/v2\/pages"}],"about":[{"href":"https:\/\/www.solidarite-ecologie.org\/ensemble\/wp-json\/wp\/v2\/types\/page"}],"author":[{"embeddable":true,"href":"https:\/\/www.solidarite-ecologie.org\/ensemble\/wp-json\/wp\/v2\/users\/2"}],"replies":[{"embeddable":true,"href":"https:\/\/www.solidarite-ecologie.org\/ensemble\/wp-json\/wp\/v2\/comments?post=116"}],"version-history":[{"count":73,"href":"https:\/\/www.solidarite-ecologie.org\/ensemble\/wp-json\/wp\/v2\/pages\/116\/revisions"}],"predecessor-version":[{"id":290,"href":"https:\/\/www.solidarite-ecologie.org\/ensemble\/wp-json\/wp\/v2\/pages\/116\/revisions\/290"}],"wp:attachment":[{"href":"https:\/\/www.solidarite-ecologie.org\/ensemble\/wp-json\/wp\/v2\/media?parent=116"}],"curies":[{"name":"wp","href":"https:\/\/api.w.org\/{rel}","templated":true}]}}